{"id":239,"date":"2022-07-29T13:17:42","date_gmt":"2022-07-29T13:17:42","guid":{"rendered":"https:\/\/roxanaparra.com\/faqs\/"},"modified":"2022-08-05T16:30:53","modified_gmt":"2022-08-05T16:30:53","slug":"faqs","status":"publish","type":"page","link":"https:\/\/roxanaparra.com\/es\/faqs\/","title":{"rendered":"FAQs"},"content":{"rendered":"<p>[et_pb_section fb_built=\u00bb1&#8243; admin_label=\u00bbFAQ\u00bb _builder_version=\u00bb4.16&#8243; _module_preset=\u00bbdefault\u00bb background_color=\u00bb#f9f6f5&#8243; background_enable_image=\u00bboff\u00bb background_size=\u00bbinitial\u00bb background_position=\u00bbtop_left\u00bb background_repeat=\u00bbrepeat\u00bb custom_padding=\u00bb||||false|false\u00bb locked=\u00bboff\u00bb global_colors_info=\u00bb{}\u00bb][et_pb_row _builder_version=\u00bb4.17.4&#8243; _module_preset=\u00bbdefault\u00bb hover_enabled=\u00bb0&#8243; global_colors_info=\u00bb{}\u00bb sticky_enabled=\u00bb0&#8243;][et_pb_column type=\u00bb4_4&#8243; _builder_version=\u00bb4.16&#8243; _module_preset=\u00bbdefault\u00bb global_colors_info=\u00bb{}\u00bb][et_pb_text _builder_version=\u00bb4.17.4&#8243; _module_preset=\u00bbdefault\u00bb text_line_height=\u00bb2em\u00bb header_2_font=\u00bb||||||||\u00bb header_2_font_size=\u00bb50px\u00bb header_2_line_height=\u00bb1.3em\u00bb max_width=\u00bb800px\u00bb hover_enabled=\u00bb0&#8243; header_2_font_size_tablet=\u00bb45px\u00bb header_2_font_size_phone=\u00bb35px\u00bb header_2_font_size_last_edited=\u00bbon|phone\u00bb locked=\u00bboff\u00bb global_colors_info=\u00bb{}\u00bb sticky_enabled=\u00bb0&#8243;]<\/p>\n<h2>Preguntas Frecuentes<\/h2>\n<p>[\/et_pb_text][\/et_pb_column][\/et_pb_row][et_pb_row column_structure=\u00bb1_2,1_2&#8243; _builder_version=\u00bb4.17.4&#8243; _module_preset=\u00bbdefault\u00bb global_colors_info=\u00bb{}\u00bb][et_pb_column type=\u00bb1_2&#8243; _builder_version=\u00bb4.16&#8243; _module_preset=\u00bbdefault\u00bb global_colors_info=\u00bb{}\u00bb][et_pb_text _builder_version=\u00bb4.17.4&#8243; _module_preset=\u00bbdefault\u00bb text_line_height=\u00bb1.8em\u00bb header_font=\u00bb||||||||\u00bb header_3_font=\u00bbDomine||||||||\u00bb header_3_font_size=\u00bb24px\u00bb header_3_line_height=\u00bb1.3em\u00bb max_width=\u00bb800px\u00bb hover_enabled=\u00bb0&#8243; header_3_font_size_tablet=\u00bb20px\u00bb header_3_font_size_phone=\u00bb20px\u00bb header_3_font_size_last_edited=\u00bbon|phone\u00bb locked=\u00bboff\u00bb global_colors_info=\u00bb{}\u00bb sticky_enabled=\u00bb0&#8243;]<\/p>\n<h2>C\u00f3mo puede ayudarte la terapia<\/h2>\n<p>En terapia estar\u00e9 trabajando en colaboraci\u00f3n contigo para ayudarte a hablar, pensar y comprenderte a ti mismo, prestando atenci\u00f3n al pasado, a tus circunstancias actuales as\u00ed como a tu visi\u00f3n para el futuro. Esto te ayudar\u00e1 a tener una mayor conciencia de ti mismo, afrontar mejor lo que sientes, ayud\u00e1ndote a tomar decisiones positivas y significativas, as\u00ed como a cambiar aquellas ideas que ya no encajan con tu prop\u00f3sito vital. Mi objetivo es apoyarte a encontrar tu poder y valor como individuo a trav\u00e9s de este proceso reflexivo que te ayudar\u00e1 a comprenderte mejor a ti mismo, encontrar soluciones a tus problemas mientras alcanzas el equilibrio emocional y la transformaci\u00f3n.<\/p>\n<p>[\/et_pb_text][et_pb_text _builder_version=\u00bb4.17.4&#8243; _module_preset=\u00bbdefault\u00bb text_line_height=\u00bb1.8em\u00bb header_font=\u00bb||||||||\u00bb header_2_line_height=\u00bb1.2em\u00bb header_3_font=\u00bbDomine||||||||\u00bb header_3_font_size=\u00bb24px\u00bb header_3_line_height=\u00bb1.3em\u00bb max_width=\u00bb800px\u00bb hover_enabled=\u00bb0&#8243; header_3_font_size_tablet=\u00bb20px\u00bb header_3_font_size_phone=\u00bb20px\u00bb header_3_font_size_last_edited=\u00bbon|phone\u00bb locked=\u00bboff\u00bb global_colors_info=\u00bb{}\u00bb sticky_enabled=\u00bb0&#8243;]<\/p>\n<h2>\u00bfPara qu\u00e9 es la primera consulta de 15 minutos?<\/h2>\n<p>Durante esta consulta tendremos una breve conversaci\u00f3n por tel\u00e9fono, para que me cuentes qu\u00e9 es lo que te motiva a buscar Psicoterapia en este momento de tu vida. Estar\u00e9 respondiendo cualquier pregunta que puedas tener sobre el proceso y decidiremos si una cita para la primera sesi\u00f3n es adecuada.<\/p>\n<p>Si no soy la persona adecuada para trabajar contigo en este momento, me esforzar\u00e9 por recomendarle otras opciones, si es posible.<\/p>\n<p>[\/et_pb_text][et_pb_text _builder_version=\u00bb4.17.4&#8243; _module_preset=\u00bbdefault\u00bb text_line_height=\u00bb1.8em\u00bb header_font=\u00bb||||||||\u00bb header_3_font=\u00bbDomine||||||||\u00bb header_3_font_size=\u00bb24px\u00bb header_3_line_height=\u00bb1.3em\u00bb max_width=\u00bb800px\u00bb hover_enabled=\u00bb0&#8243; header_3_font_size_tablet=\u00bb20px\u00bb header_3_font_size_phone=\u00bb20px\u00bb header_3_font_size_last_edited=\u00bbon|phone\u00bb locked=\u00bboff\u00bb global_colors_info=\u00bb{}\u00bb sticky_enabled=\u00bb0&#8243;]<\/p>\n<h2>\u00bfQu\u00e9 sucede en nuestro primer encuentro?<\/h2>\n<p>Durante la primera sesi\u00f3n, exploraremos sus necesidades y pensaremos juntos en trabajar en una terapia a largo o corto plazo, seg\u00fan sus necesidades, expectativas y objetivos personales.<\/p>\n<p>La primera sesi\u00f3n juntos es el momento de iniciar el proceso para que te acomodes en tu espacio terap\u00e9utico. Nos centraremos en lo que necesitas y juntos idearemos un plan que se adapte a ti, teniendo en cuenta tus necesidades, objetivos y expectativas.<br \/>Algunas personas quieren centrarse en un tema en particular para empezar o quieren hablar sobre un evento en particular en su vida o simplemente quieren obtener una mayor conciencia de s\u00ed mismos, sea cual sea el motivo por el que acuden a terapia, este ser\u00e1 el momento de decidir si prefieres una terapia abierta a largo plazo o una terapia a corto plazo.<br \/>Tambi\u00e9n elegiremos la hora y los d\u00edas para nuestras reuniones. La mayor\u00eda de las personas se benefician m\u00e1s al asistir a terapia semanalmente.<\/p>\n<p>[\/et_pb_text][\/et_pb_column][et_pb_column type=\u00bb1_2&#8243; _builder_version=\u00bb4.16&#8243; _module_preset=\u00bbdefault\u00bb global_colors_info=\u00bb{}\u00bb][et_pb_text _builder_version=\u00bb4.17.4&#8243; _module_preset=\u00bbdefault\u00bb text_line_height=\u00bb1.8em\u00bb header_font=\u00bb||||||||\u00bb header_3_font=\u00bbDomine||||||||\u00bb header_3_font_size=\u00bb24px\u00bb header_3_line_height=\u00bb1.3em\u00bb max_width=\u00bb800px\u00bb hover_enabled=\u00bb0&#8243; header_3_font_size_tablet=\u00bb20px\u00bb header_3_font_size_phone=\u00bb20px\u00bb header_3_font_size_last_edited=\u00bbon|phone\u00bb locked=\u00bboff\u00bb global_colors_info=\u00bb{}\u00bb sticky_enabled=\u00bb0&#8243;]<\/p>\n<h2>Mi enfoque de la terapia.<\/h2>\n<p>Soy miembro de la British Psychological Society (BPS) y miembro acreditado de la<\/p>\n<p>Asociaci\u00f3n Brit\u00e1nica de Consejer\u00eda y Psicoterapia (BACP), trabajo bajo su c\u00f3digo \u00e9tico para la pr\u00e1ctica cl\u00ednica.<\/p>\n<p>Ofrezco un enfoque terap\u00e9utico integrador y hol\u00edstico que incorpora una amplia gama de teor\u00edas y modalidades que incluyen: Psicodin\u00e1mica; Terapia Cognitiva Postracionalista, Constructivismo, Centrada en la Persona, Sist\u00e9mica y Terapia focalizada en Soluciones (TFS). Trabajo enfoc\u00e1ndome en las necesidades individuales y metas personales de cada cliente.<\/p>\n<p>Mi pr\u00e1ctica se basa en la teor\u00eda del apego, comprendiendo el trauma, el feminismo, el multiculturalismo y el multiling\u00fcismo.<\/p>\n<p>Trabajo en espa\u00f1ol o ingl\u00e9s y ofrezco sesiones de terapia online o presenciales.<\/p>\n<p>[\/et_pb_text][et_pb_text _builder_version=\u00bb4.17.4&#8243; _module_preset=\u00bbdefault\u00bb text_line_height=\u00bb1.8em\u00bb header_font=\u00bb||||||||\u00bb header_3_font=\u00bbDomine||||||||\u00bb header_3_font_size=\u00bb24px\u00bb header_3_line_height=\u00bb1.3em\u00bb max_width=\u00bb800px\u00bb hover_enabled=\u00bb0&#8243; header_3_font_size_tablet=\u00bb20px\u00bb header_3_font_size_phone=\u00bb20px\u00bb header_3_font_size_last_edited=\u00bbon|phone\u00bb locked=\u00bboff\u00bb global_colors_info=\u00bb{}\u00bb sticky_enabled=\u00bb0&#8243;]<\/p>\n<h2>Temas que a menudo surgen en la terapia:<\/h2>\n<p>Trabajo con una amplia gama de temas o problemas que incluyen: Dificultades afectivas y relacionales, transiciones de vida, sentido de s\u00ed mismo, cambios de humor, emociones abrumadoras, ansiedad, violencia sexual, violencia dom\u00e9stica, abuso, recuerdos dif\u00edciles o experiencias de vida y experiencias traum\u00e1ticas, PTSD, PTSD complejo, depresi\u00f3n, bajo estado de \u00e1nimo, problemas de autoestima y confianza, p\u00e9rdida , duelo, desesperanza, problemas para dormir, ansiedad, ataques de p\u00e1nico, estr\u00e9s y preocupaci\u00f3n, proceso de FIV, problemas de fertilidad.<\/p>\n<p>No necesitas tener ning\u00fan diagn\u00f3stico en particular para asistir a psicoterapia conmigo; trabajaremos en base a tu experiencia personal y cualquier diagn\u00f3stico que te hayan dado para ayudarte a alcanzar tu equilibrio interior en la vida.<\/p>\n<p>[\/et_pb_text][\/et_pb_column][\/et_pb_row][\/et_pb_section]<\/p>\n","protected":false},"excerpt":{"rendered":"<p>Preguntas FrecuentesC\u00f3mo puede ayudarte la terapia En terapia estar\u00e9 trabajando en colaboraci\u00f3n contigo para ayudarte a hablar, pensar y comprenderte a ti mismo, prestando atenci\u00f3n al pasado, a tus circunstancias actuales as\u00ed como a tu visi\u00f3n para el futuro. Esto te ayudar\u00e1 a tener una mayor conciencia de ti mismo, afrontar mejor lo que sientes, [&hellip;]<\/p>\n","protected":false},"author":1,"featured_media":0,"parent":0,"menu_order":0,"comment_status":"closed","ping_status":"closed","template":"","meta":{"_et_pb_use_builder":"on","_et_pb_old_content":"","_et_gb_content_width":"","footnotes":""},"class_list":["post-239","page","type-page","status-publish","hentry"],"yoast_head":"<!-- This site is optimized with the Yoast SEO plugin v27.1.1 - https:\/\/yoast.com\/product\/yoast-seo-wordpress\/ -->\n<title>FAQs - Roxana Parra<\/title>\n<meta name=\"robots\" content=\"index, follow, max-snippet:-1, max-image-preview:large, max-video-preview:-1\" \/>\n<link rel=\"canonical\" href=\"https:\/\/roxanaparra.com\/es\/faqs\/\" \/>\n<meta property=\"og:locale\" content=\"es_ES\" \/>\n<meta property=\"og:type\" content=\"article\" \/>\n<meta property=\"og:title\" content=\"FAQs - Roxana Parra\" \/>\n<meta property=\"og:description\" content=\"Preguntas FrecuentesC\u00f3mo puede ayudarte la terapia En terapia estar\u00e9 trabajando en colaboraci\u00f3n contigo para ayudarte a hablar, pensar y comprenderte a ti mismo, prestando atenci\u00f3n al pasado, a tus circunstancias actuales as\u00ed como a tu visi\u00f3n para el futuro. Esto te ayudar\u00e1 a tener una mayor conciencia de ti mismo, afrontar mejor lo que sientes, [&hellip;]\" \/>\n<meta property=\"og:url\" content=\"https:\/\/roxanaparra.com\/es\/faqs\/\" \/>\n<meta property=\"og:site_name\" content=\"Roxana Parra\" \/>\n<meta property=\"article:modified_time\" content=\"2022-08-05T16:30:53+00:00\" \/>\n<meta name=\"twitter:card\" content=\"summary_large_image\" \/>\n<script type=\"application\/ld+json\" class=\"yoast-schema-graph\">{\"@context\":\"https:\/\/schema.org\",\"@graph\":[{\"@type\":\"WebPage\",\"@id\":\"https:\/\/roxanaparra.com\/es\/faqs\/\",\"url\":\"https:\/\/roxanaparra.com\/es\/faqs\/\",\"name\":\"FAQs - Roxana Parra\",\"isPartOf\":{\"@id\":\"https:\/\/roxanaparra.com\/#website\"},\"datePublished\":\"2022-07-29T13:17:42+00:00\",\"dateModified\":\"2022-08-05T16:30:53+00:00\",\"breadcrumb\":{\"@id\":\"https:\/\/roxanaparra.com\/es\/faqs\/#breadcrumb\"},\"inLanguage\":\"es\",\"potentialAction\":[{\"@type\":\"ReadAction\",\"target\":[\"https:\/\/roxanaparra.com\/es\/faqs\/\"]}]},{\"@type\":\"BreadcrumbList\",\"@id\":\"https:\/\/roxanaparra.com\/es\/faqs\/#breadcrumb\",\"itemListElement\":[{\"@type\":\"ListItem\",\"position\":1,\"name\":\"Home\",\"item\":\"https:\/\/roxanaparra.com\/es\/\"},{\"@type\":\"ListItem\",\"position\":2,\"name\":\"FAQs\"}]},{\"@type\":\"WebSite\",\"@id\":\"https:\/\/roxanaparra.com\/#website\",\"url\":\"https:\/\/roxanaparra.com\/\",\"name\":\"Roxana Parra\",\"description\":\"Just another WordPress site\",\"potentialAction\":[{\"@type\":\"SearchAction\",\"target\":{\"@type\":\"EntryPoint\",\"urlTemplate\":\"https:\/\/roxanaparra.com\/?s={search_term_string}\"},\"query-input\":{\"@type\":\"PropertyValueSpecification\",\"valueRequired\":true,\"valueName\":\"search_term_string\"}}],\"inLanguage\":\"es\"}]}<\/script>\n<!-- \/ Yoast SEO plugin. -->","yoast_head_json":{"title":"FAQs - Roxana Parra","robots":{"index":"index","follow":"follow","max-snippet":"max-snippet:-1","max-image-preview":"max-image-preview:large","max-video-preview":"max-video-preview:-1"},"canonical":"https:\/\/roxanaparra.com\/es\/faqs\/","og_locale":"es_ES","og_type":"article","og_title":"FAQs - Roxana Parra","og_description":"Preguntas FrecuentesC\u00f3mo puede ayudarte la terapia En terapia estar\u00e9 trabajando en colaboraci\u00f3n contigo para ayudarte a hablar, pensar y comprenderte a ti mismo, prestando atenci\u00f3n al pasado, a tus circunstancias actuales as\u00ed como a tu visi\u00f3n para el futuro. Esto te ayudar\u00e1 a tener una mayor conciencia de ti mismo, afrontar mejor lo que sientes, [&hellip;]","og_url":"https:\/\/roxanaparra.com\/es\/faqs\/","og_site_name":"Roxana Parra","article_modified_time":"2022-08-05T16:30:53+00:00","twitter_card":"summary_large_image","schema":{"@context":"https:\/\/schema.org","@graph":[{"@type":"WebPage","@id":"https:\/\/roxanaparra.com\/es\/faqs\/","url":"https:\/\/roxanaparra.com\/es\/faqs\/","name":"FAQs - Roxana Parra","isPartOf":{"@id":"https:\/\/roxanaparra.com\/#website"},"datePublished":"2022-07-29T13:17:42+00:00","dateModified":"2022-08-05T16:30:53+00:00","breadcrumb":{"@id":"https:\/\/roxanaparra.com\/es\/faqs\/#breadcrumb"},"inLanguage":"es","potentialAction":[{"@type":"ReadAction","target":["https:\/\/roxanaparra.com\/es\/faqs\/"]}]},{"@type":"BreadcrumbList","@id":"https:\/\/roxanaparra.com\/es\/faqs\/#breadcrumb","itemListElement":[{"@type":"ListItem","position":1,"name":"Home","item":"https:\/\/roxanaparra.com\/es\/"},{"@type":"ListItem","position":2,"name":"FAQs"}]},{"@type":"WebSite","@id":"https:\/\/roxanaparra.com\/#website","url":"https:\/\/roxanaparra.com\/","name":"Roxana Parra","description":"Just another WordPress site","potentialAction":[{"@type":"SearchAction","target":{"@type":"EntryPoint","urlTemplate":"https:\/\/roxanaparra.com\/?s={search_term_string}"},"query-input":{"@type":"PropertyValueSpecification","valueRequired":true,"valueName":"search_term_string"}}],"inLanguage":"es"}]}},"_links":{"self":[{"href":"https:\/\/roxanaparra.com\/es\/wp-json\/wp\/v2\/pages\/239","targetHints":{"allow":["GET"]}}],"collection":[{"href":"https:\/\/roxanaparra.com\/es\/wp-json\/wp\/v2\/pages"}],"about":[{"href":"https:\/\/roxanaparra.com\/es\/wp-json\/wp\/v2\/types\/page"}],"author":[{"embeddable":true,"href":"https:\/\/roxanaparra.com\/es\/wp-json\/wp\/v2\/users\/1"}],"replies":[{"embeddable":true,"href":"https:\/\/roxanaparra.com\/es\/wp-json\/wp\/v2\/comments?post=239"}],"version-history":[{"count":3,"href":"https:\/\/roxanaparra.com\/es\/wp-json\/wp\/v2\/pages\/239\/revisions"}],"predecessor-version":[{"id":341,"href":"https:\/\/roxanaparra.com\/es\/wp-json\/wp\/v2\/pages\/239\/revisions\/341"}],"wp:attachment":[{"href":"https:\/\/roxanaparra.com\/es\/wp-json\/wp\/v2\/media?parent=239"}],"curies":[{"name":"wp","href":"https:\/\/api.w.org\/{rel}","templated":true}]}}